{"id":233,"date":"2024-01-13T09:22:57","date_gmt":"2024-01-13T09:22:57","guid":{"rendered":"https:\/\/www.leslilasdebellefontaine.com\/?page_id=233"},"modified":"2024-01-15T11:04:22","modified_gmt":"2024-01-15T11:04:22","slug":"bayeux","status":"publish","type":"page","link":"https:\/\/www.leslilasdebellefontaine.com\/index.php\/bayeux\/","title":{"rendered":"Bayeux"},"content":{"rendered":"\t\t<div data-elementor-type=\"wp-page\" data-elementor-id=\"233\" class=\"elementor elementor-233\">\n\t\t\t\t<div class=\"elementor-element elementor-element-7699353 e-flex e-con-boxed e-con e-parent\" data-id=\"7699353\" data-element_type=\"container\" data-e-type=\"container\">\n\t\t\t\t\t<div class=\"e-con-inner\">\n\t\t\t\t<div class=\"elementor-element elementor-element-7246f16 elementor-widget elementor-widget-text-editor\" data-id=\"7246f16\" data-element_type=\"widget\" data-e-type=\"widget\" data-widget_type=\"text-editor.default\">\n\t\t\t\t<div class=\"elementor-widget-container\">\n\t\t\t\t\t\t\t\t\t<p>Bayeux dispose d&rsquo;un centre historique fabuleux ainsi que sa tapisserie inscrite au registre \u00ab\u00a0m\u00e9moire du Monde\u00a0\u00bb de l&rsquo;UNESCO. Elle repr\u00e9sente la conqu\u00eate normande de l&rsquo;Angleterre en 1066. La ville a eu la chance d&rsquo;\u00eatre lib\u00e9r\u00e9e rapidement par les alli\u00e9s en juin 1944, mais son mus\u00e9e de la bataille de Normandie et le cimeti\u00e8re britannique rappellent les sacrifices des soldats et des civils durant la 2nde guerre mondiale et en particulier, lors des combats pour la lib\u00e9ration du pays.<br \/>Les sites \u00e0 visiter \u00e0 Bayeux :\u00a0<\/p>\t\t\t\t\t\t\t\t<\/div>\n\t\t\t\t<\/div>\n\t\t\t\t\t<\/div>\n\t\t\t\t<\/div>\n\t\t<div class=\"elementor-element elementor-element-94e2d1f e-flex e-con-boxed e-con e-parent\" data-id=\"94e2d1f\" data-element_type=\"container\" data-e-type=\"container\">\n\t\t\t\t\t<div class=\"e-con-inner\">\n\t\t<div class=\"elementor-element elementor-element-6f38a6f e-con-full e-flex e-con e-child\" data-id=\"6f38a6f\" data-element_type=\"container\" data-e-type=\"container\">\n\t\t\t\t<div class=\"elementor-element elementor-element-20bc25e elementor-widget elementor-widget-text-editor\" data-id=\"20bc25e\" data-element_type=\"widget\" data-e-type=\"widget\" data-widget_type=\"text-editor.default\">\n\t\t\t\t<div class=\"elementor-widget-container\">\n\t\t\t\t\t\t\t\t\t<p><strong>La tapisserie de Bayeux<\/strong><\/p><p>distance\u00a0: 800 m (\u00e0 pied : 8 minutes)<\/p>\t\t\t\t\t\t\t\t<\/div>\n\t\t\t\t<\/div>\n\t\t\t\t<\/div>\n\t\t<div class=\"elementor-element elementor-element-b60f369 e-con-full e-flex e-con e-child\" data-id=\"b60f369\" data-element_type=\"container\" data-e-type=\"container\">\n\t\t\t\t<div class=\"elementor-element elementor-element-4891a96 elementor-widget elementor-widget-image\" data-id=\"4891a96\" data-element_type=\"widget\" data-e-type=\"widget\" data-widget_type=\"image.default\">\n\t\t\t\t<div class=\"elementor-widget-container\">\n\t\t\t\t\t\t\t\t\t\t\t\t\t\t\t<img fetchpriority=\"high\" decoding=\"async\" width=\"767\" height=\"400\" src=\"https:\/\/www.leslilasdebellefontaine.com\/wp-content\/uploads\/2024\/01\/Bayeux_tapisserie.jpg\" class=\"attachment-large size-large wp-image-250\" alt=\"\" srcset=\"https:\/\/www.leslilasdebellefontaine.com\/wp-content\/uploads\/2024\/01\/Bayeux_tapisserie.jpg 767w, https:\/\/www.leslilasdebellefontaine.com\/wp-content\/uploads\/2024\/01\/Bayeux_tapisserie-300x156.jpg 300w\" sizes=\"(max-width: 767px) 100vw, 767px\" \/>\t\t\t\t\t\t\t\t\t\t\t\t\t\t\t<\/div>\n\t\t\t\t<\/div>\n\t\t\t\t<\/div>\n\t\t\t\t\t<\/div>\n\t\t\t\t<\/div>\n\t\t<div class=\"elementor-element elementor-element-d8d6be3 e-flex e-con-boxed e-con e-parent\" data-id=\"d8d6be3\" data-element_type=\"container\" data-e-type=\"container\">\n\t\t\t\t\t<div class=\"e-con-inner\">\n\t\t<div class=\"elementor-element elementor-element-4411226 e-con-full e-flex e-con e-child\" data-id=\"4411226\" data-element_type=\"container\" data-e-type=\"container\">\n\t\t\t\t<div class=\"elementor-element elementor-element-8327ed9 elementor-widget elementor-widget-text-editor\" data-id=\"8327ed9\" data-element_type=\"widget\" data-e-type=\"widget\" data-widget_type=\"text-editor.default\">\n\t\t\t\t<div class=\"elementor-widget-container\">\n\t\t\t\t\t\t\t\t\t<p><strong>La cath\u00e9drale<\/strong><\/p><p>distance\u00a0: 1 km (\u00e0 pied : 10 minutes )<\/p>\t\t\t\t\t\t\t\t<\/div>\n\t\t\t\t<\/div>\n\t\t\t\t<\/div>\n\t\t<div class=\"elementor-element elementor-element-d4c9e09 e-con-full e-flex e-con e-child\" data-id=\"d4c9e09\" data-element_type=\"container\" data-e-type=\"container\">\n\t\t\t\t<div class=\"elementor-element elementor-element-fd53466 elementor-widget elementor-widget-image\" data-id=\"fd53466\" data-element_type=\"widget\" data-e-type=\"widget\" data-widget_type=\"image.default\">\n\t\t\t\t<div class=\"elementor-widget-container\">\n\t\t\t\t\t\t\t\t\t\t\t\t\t\t\t<img decoding=\"async\" width=\"800\" height=\"502\" src=\"https:\/\/www.leslilasdebellefontaine.com\/wp-content\/uploads\/2024\/01\/cathedrale_bayeux-1024x642.jpg\" class=\"attachment-large size-large wp-image-254\" alt=\"\" srcset=\"https:\/\/www.leslilasdebellefontaine.com\/wp-content\/uploads\/2024\/01\/cathedrale_bayeux-1024x642.jpg 1024w, https:\/\/www.leslilasdebellefontaine.com\/wp-content\/uploads\/2024\/01\/cathedrale_bayeux-300x188.jpg 300w, https:\/\/www.leslilasdebellefontaine.com\/wp-content\/uploads\/2024\/01\/cathedrale_bayeux-768x482.jpg 768w, https:\/\/www.leslilasdebellefontaine.com\/wp-content\/uploads\/2024\/01\/cathedrale_bayeux.jpg 1400w\" sizes=\"(max-width: 800px) 100vw, 800px\" \/>\t\t\t\t\t\t\t\t\t\t\t\t\t\t\t<\/div>\n\t\t\t\t<\/div>\n\t\t\t\t<\/div>\n\t\t\t\t\t<\/div>\n\t\t\t\t<\/div>\n\t\t<div class=\"elementor-element elementor-element-c107fd7 e-flex e-con-boxed e-con e-parent\" data-id=\"c107fd7\" data-element_type=\"container\" data-e-type=\"container\">\n\t\t\t\t\t<div class=\"e-con-inner\">\n\t\t<div class=\"elementor-element elementor-element-170172c e-con-full e-flex e-con e-child\" data-id=\"170172c\" data-element_type=\"container\" data-e-type=\"container\">\n\t\t\t\t<div class=\"elementor-element elementor-element-f1fc0d7 elementor-widget elementor-widget-text-editor\" data-id=\"f1fc0d7\" data-element_type=\"widget\" data-e-type=\"widget\" data-widget_type=\"text-editor.default\">\n\t\t\t\t<div class=\"elementor-widget-container\">\n\t\t\t\t\t\t\t\t\t<p><strong>MAHB (Mus\u00e9e d&rsquo;art et d&rsquo;histoire Baron G\u00e9rard)<\/strong><\/p><p>distance\u00a0: 1 km (\u00e0 pied : 10 minutes )<\/p>\t\t\t\t\t\t\t\t<\/div>\n\t\t\t\t<\/div>\n\t\t\t\t<\/div>\n\t\t<div class=\"elementor-element elementor-element-35ee83c e-con-full e-flex e-con e-child\" data-id=\"35ee83c\" data-element_type=\"container\" data-e-type=\"container\">\n\t\t\t\t<div class=\"elementor-element elementor-element-67e0284 elementor-widget elementor-widget-image\" data-id=\"67e0284\" data-element_type=\"widget\" data-e-type=\"widget\" data-widget_type=\"image.default\">\n\t\t\t\t<div class=\"elementor-widget-container\">\n\t\t\t\t\t\t\t\t\t\t\t\t\t\t\t<img decoding=\"async\" width=\"767\" height=\"400\" src=\"https:\/\/www.leslilasdebellefontaine.com\/wp-content\/uploads\/2024\/01\/Bayeux_mahb.jpg\" class=\"attachment-large size-large wp-image-255\" alt=\"\" srcset=\"https:\/\/www.leslilasdebellefontaine.com\/wp-content\/uploads\/2024\/01\/Bayeux_mahb.jpg 767w, https:\/\/www.leslilasdebellefontaine.com\/wp-content\/uploads\/2024\/01\/Bayeux_mahb-300x156.jpg 300w\" sizes=\"(max-width: 767px) 100vw, 767px\" \/>\t\t\t\t\t\t\t\t\t\t\t\t\t\t\t<\/div>\n\t\t\t\t<\/div>\n\t\t\t\t<\/div>\n\t\t\t\t\t<\/div>\n\t\t\t\t<\/div>\n\t\t<div class=\"elementor-element elementor-element-6b49054 e-flex e-con-boxed e-con e-parent\" data-id=\"6b49054\" data-element_type=\"container\" data-e-type=\"container\">\n\t\t\t\t\t<div class=\"e-con-inner\">\n\t\t<div class=\"elementor-element elementor-element-3a959f5 e-con-full e-flex e-con e-child\" data-id=\"3a959f5\" data-element_type=\"container\" data-e-type=\"container\">\n\t\t\t\t<div class=\"elementor-element elementor-element-6981352 elementor-widget elementor-widget-text-editor\" data-id=\"6981352\" data-element_type=\"widget\" data-e-type=\"widget\" data-widget_type=\"text-editor.default\">\n\t\t\t\t<div class=\"elementor-widget-container\">\n\t\t\t\t\t\t\t\t\t<p><strong>Mus\u00e9e M\u00e9morial Bataille de Normandie<\/strong><\/p><p>distance\u00a0: 2 kms (\u00e0 pied : 20 minutes )<\/p>\t\t\t\t\t\t\t\t<\/div>\n\t\t\t\t<\/div>\n\t\t\t\t<\/div>\n\t\t<div class=\"elementor-element elementor-element-44475e2 e-con-full e-flex e-con e-child\" data-id=\"44475e2\" data-element_type=\"container\" data-e-type=\"container\">\n\t\t\t\t<div class=\"elementor-element elementor-element-6328552 elementor-widget elementor-widget-image\" data-id=\"6328552\" data-element_type=\"widget\" data-e-type=\"widget\" data-widget_type=\"image.default\">\n\t\t\t\t<div class=\"elementor-widget-container\">\n\t\t\t\t\t\t\t\t\t\t\t\t\t\t\t<img loading=\"lazy\" decoding=\"async\" width=\"800\" height=\"534\" src=\"https:\/\/www.leslilasdebellefontaine.com\/wp-content\/uploads\/2024\/01\/musee_memorial_normandie.jpg\" class=\"attachment-large size-large wp-image-259\" alt=\"\" srcset=\"https:\/\/www.leslilasdebellefontaine.com\/wp-content\/uploads\/2024\/01\/musee_memorial_normandie.jpg 1024w, https:\/\/www.leslilasdebellefontaine.com\/wp-content\/uploads\/2024\/01\/musee_memorial_normandie-300x200.jpg 300w, https:\/\/www.leslilasdebellefontaine.com\/wp-content\/uploads\/2024\/01\/musee_memorial_normandie-768x512.jpg 768w\" sizes=\"(max-width: 800px) 100vw, 800px\" \/>\t\t\t\t\t\t\t\t\t\t\t\t\t\t\t<\/div>\n\t\t\t\t<\/div>\n\t\t\t\t<\/div>\n\t\t\t\t\t<\/div>\n\t\t\t\t<\/div>\n\t\t<div class=\"elementor-element elementor-element-871a8b4 e-flex e-con-boxed e-con e-parent\" data-id=\"871a8b4\" data-element_type=\"container\" data-e-type=\"container\">\n\t\t\t\t\t<div class=\"e-con-inner\">\n\t\t<div class=\"elementor-element elementor-element-2231f29 e-con-full e-flex e-con e-child\" data-id=\"2231f29\" data-element_type=\"container\" data-e-type=\"container\">\n\t\t\t\t<div class=\"elementor-element elementor-element-ef82749 elementor-widget elementor-widget-text-editor\" data-id=\"ef82749\" data-element_type=\"widget\" data-e-type=\"widget\" data-widget_type=\"text-editor.default\">\n\t\t\t\t<div class=\"elementor-widget-container\">\n\t\t\t\t\t\t\t\t\t<p><strong>Cimeti\u00e8re militaire britannique<\/strong><\/p><p>distance\u00a0: 2 kms (\u00e0 pied : 20 minutes )<\/p>\t\t\t\t\t\t\t\t<\/div>\n\t\t\t\t<\/div>\n\t\t\t\t<\/div>\n\t\t<div class=\"elementor-element elementor-element-7837a1b e-con-full e-flex e-con e-child\" data-id=\"7837a1b\" data-element_type=\"container\" data-e-type=\"container\">\n\t\t\t\t<div class=\"elementor-element elementor-element-543ec53 elementor-widget elementor-widget-image\" data-id=\"543ec53\" data-element_type=\"widget\" data-e-type=\"widget\" data-widget_type=\"image.default\">\n\t\t\t\t<div class=\"elementor-widget-container\">\n\t\t\t\t\t\t\t\t\t\t\t\t\t\t\t<img loading=\"lazy\" decoding=\"async\" width=\"800\" height=\"532\" src=\"https:\/\/www.leslilasdebellefontaine.com\/wp-content\/uploads\/2024\/01\/cimetiere_britannique-1-1024x681.jpg\" class=\"attachment-large size-large wp-image-551\" alt=\"\" srcset=\"https:\/\/www.leslilasdebellefontaine.com\/wp-content\/uploads\/2024\/01\/cimetiere_britannique-1-1024x681.jpg 1024w, https:\/\/www.leslilasdebellefontaine.com\/wp-content\/uploads\/2024\/01\/cimetiere_britannique-1-300x199.jpg 300w, https:\/\/www.leslilasdebellefontaine.com\/wp-content\/uploads\/2024\/01\/cimetiere_britannique-1-768x511.jpg 768w, https:\/\/www.leslilasdebellefontaine.com\/wp-content\/uploads\/2024\/01\/cimetiere_britannique-1-1536x1021.jpg 1536w, https:\/\/www.leslilasdebellefontaine.com\/wp-content\/uploads\/2024\/01\/cimetiere_britannique-1-2048x1362.jpg 2048w\" sizes=\"(max-width: 800px) 100vw, 800px\" \/>\t\t\t\t\t\t\t\t\t\t\t\t\t\t\t<\/div>\n\t\t\t\t<\/div>\n\t\t\t\t<\/div>\n\t\t\t\t\t<\/div>\n\t\t\t\t<\/div>\n\t\t<div class=\"elementor-element elementor-element-3496b77 e-flex e-con-boxed e-con e-parent\" data-id=\"3496b77\" data-element_type=\"container\" data-e-type=\"container\">\n\t\t\t\t\t<div class=\"e-con-inner\">\n\t\t<div class=\"elementor-element elementor-element-3a6086e e-con-full e-flex e-con e-child\" data-id=\"3a6086e\" data-element_type=\"container\" data-e-type=\"container\">\n\t\t\t\t<div class=\"elementor-element elementor-element-9074de1 elementor-widget elementor-widget-text-editor\" data-id=\"9074de1\" data-element_type=\"widget\" data-e-type=\"widget\" data-widget_type=\"text-editor.default\">\n\t\t\t\t<div class=\"elementor-widget-container\">\n\t\t\t\t\t\t\t\t\t<p><strong>M\u00e9morial des reporters<\/strong><\/p><p>distance\u00a0: 2 kms (\u00e0 pied : 20 minutes )<\/p>\t\t\t\t\t\t\t\t<\/div>\n\t\t\t\t<\/div>\n\t\t\t\t<\/div>\n\t\t<div class=\"elementor-element elementor-element-5207d4b e-con-full e-flex e-con e-child\" data-id=\"5207d4b\" data-element_type=\"container\" data-e-type=\"container\">\n\t\t\t\t<div class=\"elementor-element elementor-element-c305077 elementor-widget elementor-widget-image\" data-id=\"c305077\" data-element_type=\"widget\" data-e-type=\"widget\" data-widget_type=\"image.default\">\n\t\t\t\t<div class=\"elementor-widget-container\">\n\t\t\t\t\t\t\t\t\t\t\t\t\t\t\t<img loading=\"lazy\" decoding=\"async\" width=\"800\" height=\"600\" src=\"https:\/\/www.leslilasdebellefontaine.com\/wp-content\/uploads\/2024\/01\/Memorial-des-Reporters.jpg\" class=\"attachment-large size-large wp-image-264\" alt=\"\" srcset=\"https:\/\/www.leslilasdebellefontaine.com\/wp-content\/uploads\/2024\/01\/Memorial-des-Reporters.jpg 800w, https:\/\/www.leslilasdebellefontaine.com\/wp-content\/uploads\/2024\/01\/Memorial-des-Reporters-300x225.jpg 300w, https:\/\/www.leslilasdebellefontaine.com\/wp-content\/uploads\/2024\/01\/Memorial-des-Reporters-768x576.jpg 768w\" sizes=\"(max-width: 800px) 100vw, 800px\" \/>\t\t\t\t\t\t\t\t\t\t\t\t\t\t\t<\/div>\n\t\t\t\t<\/div>\n\t\t\t\t<\/div>\n\t\t\t\t\t<\/div>\n\t\t\t\t<\/div>\n\t\t\t\t<\/div>\n\t\t","protected":false},"excerpt":{"rendered":"<p>Bayeux dispose d&rsquo;un centre historique fabuleux ainsi que sa tapisserie inscrite au registre \u00ab\u00a0m\u00e9moire du Monde\u00a0\u00bb de l&rsquo;UNESCO. Elle repr\u00e9sente la conqu\u00eate normande de l&rsquo;Angleterre en 1066. La ville a eu la chance d&rsquo;\u00eatre lib\u00e9r\u00e9e rapidement par les alli\u00e9s en juin 1944, mais son mus\u00e9e de la bataille de Normandie et le cimeti\u00e8re britannique rappellent [&hellip;]<\/p>\n","protected":false},"author":1,"featured_media":0,"parent":0,"menu_order":0,"comment_status":"closed","ping_status":"closed","template":"","meta":{"footnotes":""},"class_list":["post-233","page","type-page","status-publish","hentry"],"yoast_head":"<!-- This site is optimized with the Yoast SEO plugin v27.4 - https:\/\/yoast.com\/product\/yoast-seo-wordpress\/ -->\n<title>Bayeux - Les Lilas de Bellefontaine<\/title>\n<meta name=\"robots\" content=\"index, follow, max-snippet:-1, max-image-preview:large, max-video-preview:-1\" \/>\n<link rel=\"canonical\" href=\"https:\/\/www.leslilasdebellefontaine.com\/index.php\/bayeux\/\" \/>\n<meta property=\"og:locale\" content=\"fr_FR\" \/>\n<meta property=\"og:type\" content=\"article\" \/>\n<meta property=\"og:title\" content=\"Bayeux - Les Lilas de Bellefontaine\" \/>\n<meta property=\"og:description\" content=\"Bayeux dispose d&rsquo;un centre historique fabuleux ainsi que sa tapisserie inscrite au registre \u00ab\u00a0m\u00e9moire du Monde\u00a0\u00bb de l&rsquo;UNESCO. Elle repr\u00e9sente la conqu\u00eate normande de l&rsquo;Angleterre en 1066. La ville a eu la chance d&rsquo;\u00eatre lib\u00e9r\u00e9e rapidement par les alli\u00e9s en juin 1944, mais son mus\u00e9e de la bataille de Normandie et le cimeti\u00e8re britannique rappellent [&hellip;]\" \/>\n<meta property=\"og:url\" content=\"https:\/\/www.leslilasdebellefontaine.com\/index.php\/bayeux\/\" \/>\n<meta property=\"og:site_name\" content=\"Les Lilas de Bellefontaine\" \/>\n<meta property=\"article:modified_time\" content=\"2024-01-15T11:04:22+00:00\" \/>\n<meta property=\"og:image\" content=\"https:\/\/www.leslilasdebellefontaine.com\/wp-content\/uploads\/2024\/01\/Bayeux_tapisserie.jpg\" \/>\n<meta name=\"twitter:card\" content=\"summary_large_image\" \/>\n<meta name=\"twitter:label1\" content=\"Dur\u00e9e de lecture estim\u00e9e\" \/>\n\t<meta name=\"twitter:data1\" content=\"2 minutes\" \/>\n<script type=\"application\/ld+json\" class=\"yoast-schema-graph\">{\"@context\":\"https:\\\/\\\/schema.org\",\"@graph\":[{\"@type\":\"WebPage\",\"@id\":\"https:\\\/\\\/www.leslilasdebellefontaine.com\\\/index.php\\\/bayeux\\\/\",\"url\":\"https:\\\/\\\/www.leslilasdebellefontaine.com\\\/index.php\\\/bayeux\\\/\",\"name\":\"Bayeux - Les Lilas de Bellefontaine\",\"isPartOf\":{\"@id\":\"https:\\\/\\\/www.leslilasdebellefontaine.com\\\/#website\"},\"primaryImageOfPage\":{\"@id\":\"https:\\\/\\\/www.leslilasdebellefontaine.com\\\/index.php\\\/bayeux\\\/#primaryimage\"},\"image\":{\"@id\":\"https:\\\/\\\/www.leslilasdebellefontaine.com\\\/index.php\\\/bayeux\\\/#primaryimage\"},\"thumbnailUrl\":\"https:\\\/\\\/www.leslilasdebellefontaine.com\\\/wp-content\\\/uploads\\\/2024\\\/01\\\/Bayeux_tapisserie.jpg\",\"datePublished\":\"2024-01-13T09:22:57+00:00\",\"dateModified\":\"2024-01-15T11:04:22+00:00\",\"breadcrumb\":{\"@id\":\"https:\\\/\\\/www.leslilasdebellefontaine.com\\\/index.php\\\/bayeux\\\/#breadcrumb\"},\"inLanguage\":\"fr-FR\",\"potentialAction\":[{\"@type\":\"ReadAction\",\"target\":[\"https:\\\/\\\/www.leslilasdebellefontaine.com\\\/index.php\\\/bayeux\\\/\"]}]},{\"@type\":\"ImageObject\",\"inLanguage\":\"fr-FR\",\"@id\":\"https:\\\/\\\/www.leslilasdebellefontaine.com\\\/index.php\\\/bayeux\\\/#primaryimage\",\"url\":\"https:\\\/\\\/www.leslilasdebellefontaine.com\\\/wp-content\\\/uploads\\\/2024\\\/01\\\/Bayeux_tapisserie.jpg\",\"contentUrl\":\"https:\\\/\\\/www.leslilasdebellefontaine.com\\\/wp-content\\\/uploads\\\/2024\\\/01\\\/Bayeux_tapisserie.jpg\",\"width\":767,\"height\":400},{\"@type\":\"BreadcrumbList\",\"@id\":\"https:\\\/\\\/www.leslilasdebellefontaine.com\\\/index.php\\\/bayeux\\\/#breadcrumb\",\"itemListElement\":[{\"@type\":\"ListItem\",\"position\":1,\"name\":\"Accueil\",\"item\":\"https:\\\/\\\/www.leslilasdebellefontaine.com\\\/\"},{\"@type\":\"ListItem\",\"position\":2,\"name\":\"Bayeux\"}]},{\"@type\":\"WebSite\",\"@id\":\"https:\\\/\\\/www.leslilasdebellefontaine.com\\\/#website\",\"url\":\"https:\\\/\\\/www.leslilasdebellefontaine.com\\\/\",\"name\":\"Les Lilas de Bellefontaine\",\"description\":\"\",\"publisher\":{\"@id\":\"https:\\\/\\\/www.leslilasdebellefontaine.com\\\/#organization\"},\"potentialAction\":[{\"@type\":\"SearchAction\",\"target\":{\"@type\":\"EntryPoint\",\"urlTemplate\":\"https:\\\/\\\/www.leslilasdebellefontaine.com\\\/?s={search_term_string}\"},\"query-input\":{\"@type\":\"PropertyValueSpecification\",\"valueRequired\":true,\"valueName\":\"search_term_string\"}}],\"inLanguage\":\"fr-FR\"},{\"@type\":\"Organization\",\"@id\":\"https:\\\/\\\/www.leslilasdebellefontaine.com\\\/#organization\",\"name\":\"Les Lilas de Bellefontaine\",\"url\":\"https:\\\/\\\/www.leslilasdebellefontaine.com\\\/\",\"logo\":{\"@type\":\"ImageObject\",\"inLanguage\":\"fr-FR\",\"@id\":\"https:\\\/\\\/www.leslilasdebellefontaine.com\\\/#\\\/schema\\\/logo\\\/image\\\/\",\"url\":\"https:\\\/\\\/www.leslilasdebellefontaine.com\\\/wp-content\\\/uploads\\\/2024\\\/01\\\/logo_leslilasdebellefontaine_128_128-1.png\",\"contentUrl\":\"https:\\\/\\\/www.leslilasdebellefontaine.com\\\/wp-content\\\/uploads\\\/2024\\\/01\\\/logo_leslilasdebellefontaine_128_128-1.png\",\"width\":128,\"height\":128,\"caption\":\"Les Lilas de Bellefontaine\"},\"image\":{\"@id\":\"https:\\\/\\\/www.leslilasdebellefontaine.com\\\/#\\\/schema\\\/logo\\\/image\\\/\"}}]}<\/script>\n<!-- \/ Yoast SEO plugin. -->","yoast_head_json":{"title":"Bayeux - Les Lilas de Bellefontaine","robots":{"index":"index","follow":"follow","max-snippet":"max-snippet:-1","max-image-preview":"max-image-preview:large","max-video-preview":"max-video-preview:-1"},"canonical":"https:\/\/www.leslilasdebellefontaine.com\/index.php\/bayeux\/","og_locale":"fr_FR","og_type":"article","og_title":"Bayeux - Les Lilas de Bellefontaine","og_description":"Bayeux dispose d&rsquo;un centre historique fabuleux ainsi que sa tapisserie inscrite au registre \u00ab\u00a0m\u00e9moire du Monde\u00a0\u00bb de l&rsquo;UNESCO. Elle repr\u00e9sente la conqu\u00eate normande de l&rsquo;Angleterre en 1066. La ville a eu la chance d&rsquo;\u00eatre lib\u00e9r\u00e9e rapidement par les alli\u00e9s en juin 1944, mais son mus\u00e9e de la bataille de Normandie et le cimeti\u00e8re britannique rappellent [&hellip;]","og_url":"https:\/\/www.leslilasdebellefontaine.com\/index.php\/bayeux\/","og_site_name":"Les Lilas de Bellefontaine","article_modified_time":"2024-01-15T11:04:22+00:00","og_image":[{"url":"https:\/\/www.leslilasdebellefontaine.com\/wp-content\/uploads\/2024\/01\/Bayeux_tapisserie.jpg","type":"","width":"","height":""}],"twitter_card":"summary_large_image","twitter_misc":{"Dur\u00e9e de lecture estim\u00e9e":"2 minutes"},"schema":{"@context":"https:\/\/schema.org","@graph":[{"@type":"WebPage","@id":"https:\/\/www.leslilasdebellefontaine.com\/index.php\/bayeux\/","url":"https:\/\/www.leslilasdebellefontaine.com\/index.php\/bayeux\/","name":"Bayeux - Les Lilas de Bellefontaine","isPartOf":{"@id":"https:\/\/www.leslilasdebellefontaine.com\/#website"},"primaryImageOfPage":{"@id":"https:\/\/www.leslilasdebellefontaine.com\/index.php\/bayeux\/#primaryimage"},"image":{"@id":"https:\/\/www.leslilasdebellefontaine.com\/index.php\/bayeux\/#primaryimage"},"thumbnailUrl":"https:\/\/www.leslilasdebellefontaine.com\/wp-content\/uploads\/2024\/01\/Bayeux_tapisserie.jpg","datePublished":"2024-01-13T09:22:57+00:00","dateModified":"2024-01-15T11:04:22+00:00","breadcrumb":{"@id":"https:\/\/www.leslilasdebellefontaine.com\/index.php\/bayeux\/#breadcrumb"},"inLanguage":"fr-FR","potentialAction":[{"@type":"ReadAction","target":["https:\/\/www.leslilasdebellefontaine.com\/index.php\/bayeux\/"]}]},{"@type":"ImageObject","inLanguage":"fr-FR","@id":"https:\/\/www.leslilasdebellefontaine.com\/index.php\/bayeux\/#primaryimage","url":"https:\/\/www.leslilasdebellefontaine.com\/wp-content\/uploads\/2024\/01\/Bayeux_tapisserie.jpg","contentUrl":"https:\/\/www.leslilasdebellefontaine.com\/wp-content\/uploads\/2024\/01\/Bayeux_tapisserie.jpg","width":767,"height":400},{"@type":"BreadcrumbList","@id":"https:\/\/www.leslilasdebellefontaine.com\/index.php\/bayeux\/#breadcrumb","itemListElement":[{"@type":"ListItem","position":1,"name":"Accueil","item":"https:\/\/www.leslilasdebellefontaine.com\/"},{"@type":"ListItem","position":2,"name":"Bayeux"}]},{"@type":"WebSite","@id":"https:\/\/www.leslilasdebellefontaine.com\/#website","url":"https:\/\/www.leslilasdebellefontaine.com\/","name":"Les Lilas de Bellefontaine","description":"","publisher":{"@id":"https:\/\/www.leslilasdebellefontaine.com\/#organization"},"potentialAction":[{"@type":"SearchAction","target":{"@type":"EntryPoint","urlTemplate":"https:\/\/www.leslilasdebellefontaine.com\/?s={search_term_string}"},"query-input":{"@type":"PropertyValueSpecification","valueRequired":true,"valueName":"search_term_string"}}],"inLanguage":"fr-FR"},{"@type":"Organization","@id":"https:\/\/www.leslilasdebellefontaine.com\/#organization","name":"Les Lilas de Bellefontaine","url":"https:\/\/www.leslilasdebellefontaine.com\/","logo":{"@type":"ImageObject","inLanguage":"fr-FR","@id":"https:\/\/www.leslilasdebellefontaine.com\/#\/schema\/logo\/image\/","url":"https:\/\/www.leslilasdebellefontaine.com\/wp-content\/uploads\/2024\/01\/logo_leslilasdebellefontaine_128_128-1.png","contentUrl":"https:\/\/www.leslilasdebellefontaine.com\/wp-content\/uploads\/2024\/01\/logo_leslilasdebellefontaine_128_128-1.png","width":128,"height":128,"caption":"Les Lilas de Bellefontaine"},"image":{"@id":"https:\/\/www.leslilasdebellefontaine.com\/#\/schema\/logo\/image\/"}}]}},"_links":{"self":[{"href":"https:\/\/www.leslilasdebellefontaine.com\/index.php\/wp-json\/wp\/v2\/pages\/233","targetHints":{"allow":["GET"]}}],"collection":[{"href":"https:\/\/www.leslilasdebellefontaine.com\/index.php\/wp-json\/wp\/v2\/pages"}],"about":[{"href":"https:\/\/www.leslilasdebellefontaine.com\/index.php\/wp-json\/wp\/v2\/types\/page"}],"author":[{"embeddable":true,"href":"https:\/\/www.leslilasdebellefontaine.com\/index.php\/wp-json\/wp\/v2\/users\/1"}],"replies":[{"embeddable":true,"href":"https:\/\/www.leslilasdebellefontaine.com\/index.php\/wp-json\/wp\/v2\/comments?post=233"}],"version-history":[{"count":23,"href":"https:\/\/www.leslilasdebellefontaine.com\/index.php\/wp-json\/wp\/v2\/pages\/233\/revisions"}],"predecessor-version":[{"id":554,"href":"https:\/\/www.leslilasdebellefontaine.com\/index.php\/wp-json\/wp\/v2\/pages\/233\/revisions\/554"}],"wp:attachment":[{"href":"https:\/\/www.leslilasdebellefontaine.com\/index.php\/wp-json\/wp\/v2\/media?parent=233"}],"curies":[{"name":"wp","href":"https:\/\/api.w.org\/{rel}","templated":true}]}}